{"id":31,"date":"2023-07-09T23:06:26","date_gmt":"2023-07-09T21:06:26","guid":{"rendered":"https:\/\/sprijin.binational-leipzig.de\/?page_id=31"},"modified":"2025-08-22T16:37:13","modified_gmt":"2025-08-22T14:37:13","slug":"arbeit","status":"publish","type":"page","link":"https:\/\/info-to-go.binational-leipzig.de\/ku\/start\/wirtschaft\/arbeit\/","title":{"rendered":"Kar"},"content":{"rendered":"<div class=\"wp-block-esab-accordion accordion-a3b61b0f\" data-mode=\"global\"><div class=\"esab__container\">\n<div class=\"wp-block-esab-accordion-child\"><div class=\"esab__head\" role=\"button\" aria-expanded=\"false\"><div class=\"esab__heading_txt\"><h2 class=\"esab__heading_tag\">Ez ji YEy\u00ea me. Ez dikarim li Almanyay\u00ea kar bikim?<\/h2><\/div><div class=\"esab__icon\"><div class=\"esab__collapse\"> <svg version=\"1.2\" viewbox=\"0 0 24 24\" width=\"24\" height=\"24\"><path fill-rule=\"evenodd\" d=\"m3.5 20.5c-4.7-4.7-4.7-12.3 0-17 4.7-4.7 12.3-4.7 17 0 4.6 4.7 4.6 12.3 0 17-4.7 4.6-12.3 4.6-17 0zm0.9-0.9c4.2 4.2 11 4.2 15.2 0 4.2-4.2 4.2-11 0-15.2-4.2-4.3-11-4.3-15.2 0-4.3 4.2-4.3 11 0 15.2z\"><\/path><path d=\"m11.4 15.9v-3.3h-3.3c-0.3 0-0.6-0.3-0.6-0.6 0-0.4 0.3-0.6 0.6-0.6h3.3v-3.3c0-0.3 0.3-0.6 0.6-0.6 0.3 0 0.6 0.3 0.6 0.6v3.3h3.3c0.3 0 0.6 0.2 0.6 0.6q0 0.2-0.2 0.4-0.2 0.2-0.4 0.2h-3.3v3.3q0 0.2-0.2 0.4-0.2 0.2-0.4 0.2c-0.4 0-0.6-0.3-0.6-0.6z\"><\/path><\/svg> <\/div><div class=\"esab__expand\"> <svg version=\"1.2\" viewbox=\"0 0 24 24\" width=\"24\" height=\"24\"><path fill-rule=\"evenodd\" d=\"m12 24c-6.6 0-12-5.4-12-12 0-6.6 5.4-12 12-12 6.6 0 12 5.4 12 12 0 6.6-5.4 12-12 12zm10.6-12c0-5.9-4.7-10.6-10.6-10.6-5.9 0-10.6 4.7-10.6 10.6 0 5.9 4.7 10.6 10.6 10.6 5.9 0 10.6-4.7 10.6-10.6z\"><\/path><path d=\"m5.6 11.3h12.8v1.4h-12.8z\"><\/path><\/svg> <\/div><\/div><\/div><div class=\"esab__body\">\n<p>H\u00fbn dikarin tavil\u00ea dest bi xebat\u00ea bikin.<br>Ji we re dest\u00fbr an pejirandin\u00ea ne hewce ye.<br>H\u00fbn dikarin her karek\u00ee dest p\u00ea bikin.<\/p>\n\n\n\n<p>Carinan \u015f\u00eerketek ji we re dib\u00eaje ku div\u00ea h\u00fbn qeyd bikin ber\u00ee ku h\u00fbn bikaribin bixebitin.<br>Ew ne rast e. <strong>H\u00fbn dikarin b\u00eay\u00ee qeydkirin\u00ea bixebitin.<\/strong><br><a href=\"https:\/\/bema.berlin\/site\/assets\/files\/1244\/1_arbeiten_ohne_anmeldung_einer_wohnadresse_stand_28_2_2019_senias.pdf\" target=\"_blank\" rel=\"noreferrer noopener\">Ev belge<\/a> heke di derheq\u00ea w\u00ea de pirs hebin, ji karsazan re rave dike.<br><a href=\"https:\/\/www.eu-gleichbehandlungsstelle.de\/eugs-de\/praxisleitfaden\/arbeiten-ohne-meldeadresse\" target=\"_blank\" rel=\"noreferrer noopener\">Vir<\/a> h\u00fbn dikarin b\u00eatir bixw\u00eenin ka meriv \u00e7awa b\u00eay\u00ee qeydkirin\u00ea karek, hesab\u00ea bank\u00ea, hwd.<\/p>\n\n\n\n<p>Heke h\u00fbn dixwazin serbixwe bixebitin, div\u00ea h\u00fbn p\u00ea\u015f\u00ee li da\u00eereya bac\u00ea (ji bo xebata serbixwe) an niv\u00eesgeha bazirganiy\u00ea (ji bo dest\u00fbrnameyek bazirganiy\u00ea) qeyd bikin. Ew <a href=\"https:\/\/www.egz-leipzig.de\/leistungen\/beratung-und-coaching\/gruendungsunterstuetzung-fuer-migranten\" target=\"_blank\" rel=\"noopener\">EGZ<\/a> (Navenda Destp\u00eak\u00ea) al\u00eekariya kes\u00ean ku dixwazin bi xwe kar bikin dike. Ew perwerdeh\u00ee \u00fb \u015f\u00eawirmendiy\u00ea bi \u00cengil\u00eez\u00ee, R\u00fbs\u00ee, Ereb\u00ee \u00fb ziman\u00ean din p\u00ea\u015fk\u00ea\u015f dikin.<\/p>\n<\/div><\/div>\n\n\n\n<div class=\"wp-block-esab-accordion-child\"><div class=\"esab__head\" role=\"button\" aria-expanded=\"false\"><div class=\"esab__heading_txt\"><h2 class=\"esab__heading_tag\">Ez \u00e7awa karek\u00ee bib\u00eenim?<\/h2><\/div><div class=\"esab__icon\"><div class=\"esab__collapse\"> <svg version=\"1.2\" viewbox=\"0 0 24 24\" width=\"24\" height=\"24\"><path fill-rule=\"evenodd\" d=\"m3.5 20.5c-4.7-4.7-4.7-12.3 0-17 4.7-4.7 12.3-4.7 17 0 4.6 4.7 4.6 12.3 0 17-4.7 4.6-12.3 4.6-17 0zm0.9-0.9c4.2 4.2 11 4.2 15.2 0 4.2-4.2 4.2-11 0-15.2-4.2-4.3-11-4.3-15.2 0-4.3 4.2-4.3 11 0 15.2z\"><\/path><path d=\"m11.4 15.9v-3.3h-3.3c-0.3 0-0.6-0.3-0.6-0.6 0-0.4 0.3-0.6 0.6-0.6h3.3v-3.3c0-0.3 0.3-0.6 0.6-0.6 0.3 0 0.6 0.3 0.6 0.6v3.3h3.3c0.3 0 0.6 0.2 0.6 0.6q0 0.2-0.2 0.4-0.2 0.2-0.4 0.2h-3.3v3.3q0 0.2-0.2 0.4-0.2 0.2-0.4 0.2c-0.4 0-0.6-0.3-0.6-0.6z\"><\/path><\/svg> <\/div><div class=\"esab__expand\"> <svg version=\"1.2\" viewbox=\"0 0 24 24\" width=\"24\" height=\"24\"><path fill-rule=\"evenodd\" d=\"m12 24c-6.6 0-12-5.4-12-12 0-6.6 5.4-12 12-12 6.6 0 12 5.4 12 12 0 6.6-5.4 12-12 12zm10.6-12c0-5.9-4.7-10.6-10.6-10.6-5.9 0-10.6 4.7-10.6 10.6 0 5.9 4.7 10.6 10.6 10.6 5.9 0 10.6-4.7 10.6-10.6z\"><\/path><path d=\"m5.6 11.3h12.8v1.4h-12.8z\"><\/path><\/svg> <\/div><\/div><\/div><div class=\"esab__body\">\n<p>Naha, piraniya p\u00ea\u015fniyar\u00ean kar li serh\u00eal t\u00eane d\u00eetin.<br>Li vir \u00e7end malper\u00ean sereke hene ku li seranser\u00ea Almanya karan navn\u00ee\u015f dikin:<\/p>\n\n\n\n<ul class=\"wp-block-list\">\n<li><a href=\"https:\/\/www.monster.de\/jobs\/suche?q=&amp;where=leipzig&amp;page=1&amp;so=m.h.s\" target=\"_blank\" rel=\"noreferrer noopener\">https:\/\/www.monster.de\/jobs\/suche?q=&amp;where=leipzig&amp;page=1&amp;so=m.h.s<\/a>&nbsp;<\/li>\n\n\n\n<li><a href=\"https:\/\/www.stepstone.de\/jobs\/in-leipzig?radius=10\" target=\"_blank\" rel=\"noreferrer noopener\">https:\/\/www.stepstone.de\/jobs\/in-leipzig?radius=10<\/a>&nbsp;<\/li>\n\n\n\n<li><a href=\"https:\/\/de.indeed.com\/Jobs?l=Leipzig&amp;radius=10&amp;vjk=83a771d44ca870f0\" target=\"_blank\" rel=\"noreferrer noopener\">https:\/\/de.indeed.com\/Jobs?l=Leipzig&amp;radius=10&amp;vjk=83a771d44ca870f0<\/a>&nbsp;<\/li>\n<\/ul>\n\n\n\n<p>Da\u00eereya Kar a Federal xwedan mezin e <a href=\"https:\/\/www.arbeitsagentur.de\/jobsuche\/suche?angebotsart=1&amp;wo=leipzig&amp;umkreis=10&amp;id=10000-1197360251-S\" target=\"_blank\" rel=\"noreferrer noopener\">Bazara kar<\/a>.<\/p>\n\n\n\n<p>Li Leipzig j\u00ee h\u00fbn dikarin <a href=\"http:\/\/\/ku\/ Li Leipzig, h\u00fbn dikarin p\u00ea\u015fniyar\u00ean kar li ser Das Schwanze Brett \u00fb eBay nepen\u00ee j\u00ee bib\u00eenin.https:\/\/www.dsble.de\/jobs\/nur\/in\/leipzig Li cih\u00ean wek\u00ee supermarket, xwaringeh \u00fb baran j\u00ee n\u00ee\u015faney\u00ean p\u00ea\u015fniyar\u00ean kar hene.  Heke h\u00fbn bi karek\u00ee re eleqedar in, serl\u00eadan bikin. H\u00fbn dikarin bi ten\u00ea rasterast bi devk\u00ee serl\u00eadan bikin. Pir caran, ser\u00eel\u00eadan naha bi e-namey\u00ea an rasterast bi riya portal\u00ea kar\u00ea serh\u00eal t\u00eane \u00e7\u00eakirin. L\u00eabel\u00ea, h\u00fbn bi gelemper\u00ee bi k\u00eaman\u00ee CV hewce ne. Ev belgeyek 1-2 r\u00fbpel e. Ev t\u00ea de: \u00b7 Agahiy\u00ean kesane \u00fb agahdariya t\u00eakiliy\u00ea \u00b7 Tu li ku der\u00ea \u00e7\u00fbye dibistan\u00ea \u00b7 Te li ku der\u00ea xwendiye an f\u00ear\u00ee p\u00ee\u015feyek b\u00fbye \u00b7 Li ku der\u00ea xebit\u00ee \u00b7 Tu bi k\u00eejan zimanan diaxiv\u00ee Format\u00ean c\u00fbda y\u00ean niv\u00eesandina CV hene. Gir\u00eeng e ku h\u00fbn hem\u00ee agahdar\u00ee li ser perwerdeh\u00ee \u00fb ezm\u00fbna xebata xwe bidin. Kontrol bikin ku agahdariya p\u00eawendiya we rast \u00fb n\u00fbve ye. Li vir h\u00fbn dikarin m\u00eenakan bib\u00eenin \u00fb \u015fablonek bikar b\u00eenin da ku CV-ya xwe biafir\u00eenin.\/\" target=\"_blank\" rel=\"noreferrer noopener\">Tabloya bulten\u00ea<\/a> \u00fb <a href=\"https:\/\/www.kleinanzeigen.de\/s-jobs\/leipzig\/anzeige:angebote\/c102l4233\" target=\"_blank\" rel=\"noreferrer noopener\">Classifieds<\/a> P\u00ea\u015fniyar\u00ean kar bib\u00eenin.<br>Li cih\u00ean wek\u00ee supermarket, xwaringeh, baran j\u00ee n\u00ee\u015faney\u00ean bi p\u00ea\u015fniyar\u00ean kar hene.<\/p>\n\n\n\n<p>Heke h\u00fbn bi karek\u00ee re eleqedar in, serl\u00eadan bikin.<br>Di hin rew\u015fan de, h\u00fbn dikarin bi ten\u00ea bi devk\u00ee li ser malper\u00ea an j\u00ee bi r\u00eaya WhatsApp\u00ea serl\u00eadan bikin.<br>L\u00ea piraniya serl\u00eadanan bi r\u00eaya e-namey\u00ea an rasterast li ser portala kar a serh\u00eal t\u00eane kirin.<br>Bi gelemper\u00ee div\u00ea h\u00fbn CV-yek bi\u015f\u00eenin.<\/p>\n\n\n\n<p><br>CV belgeyek 1-2 r\u00fbpel e.<\/p>\n\n\n\n<p>Dib\u00eaje:<\/p>\n\n\n\n<div class=\"wp-block-group is-vertical is-layout-flex wp-container-core-group-is-layout-8cf370e7 wp-block-group-is-layout-flex\">\n<p class=\"has-text-align-center\">Daney\u00ean we y\u00ean kesane \u00fb agahdariya t\u00eakiliy\u00ea<\/p>\n\n\n\n<p class=\"has-text-align-center\">Ku tu di\u00e7\u00fb dibistan\u00ea<\/p>\n\n\n\n<p class=\"has-text-align-center\">Ka we xwendiye yan j\u00ee meslek h\u00een b\u00fbye<\/p>\n\n\n\n<p class=\"has-text-align-center\">Cih\u00ea ku we ber\u00ea kar kiriye<\/p>\n\n\n\n<p class=\"has-text-align-center\">H\u00fbn bi k\u00eejan zimanan diaxivin<\/p>\n\n\n\n<p>\u00c7i j\u00eahat\u00eey\u00ean din \u00ean te hene<\/p>\n<\/div>\n\n\n\n<p><\/p>\n\n\n\n<p><\/p>\n\n\n\n<p>Ji bo niv\u00eesandina resume form\u00ean c\u00fbda hene.<br>Gir\u00eeng e ku h\u00fbn hem\u00ee agahdar\u00ee li ser perwerdeh\u00ee \u00fb ezm\u00fbna xebata xwe bidin.<br>Kontrol bikin ku agahdariya p\u00eawendiya we rast \u00fb n\u00fbve ye.<br>Am\u00fbra serh\u00eal <a href=\"https:\/\/www.canva.com\/de_de\/\" target=\"_blank\" rel=\"noopener\">Canva <\/a>vebijark\u00ean c\u00fbda hene ku meriv CV-yek bela\u015f \u00e7\u00eabike.<\/p>\n\n\n\n<p>Eger del\u00eel\u00ean j\u00eahat\u00eeb\u00fbn\u00ea (sert\u00eef\u00eekaya qedandina dibistan\u00ea, perwerdehiya p\u00ee\u015fey\u00ee, xwendina zan\u00eengeh\u00ea) an j\u00ee referans\u00ean kar li cem we hebin, div\u00ea h\u00fbn wan bi CV-ya xwe re j\u00ee bi\u015f\u00eenin. Ger sert\u00eef\u00eeka ne bi ziman\u00ea Alman\u00ee bin, dibe ku ajansa kar an navenda kar ji bo wergerandin\u00ea pere bist\u00eene. Div\u00ea h\u00fbn ber\u00ee wergerandina belgeyan bi ajansa kar\/navenda kar a xwe re li ser v\u00ea yek\u00ea biaxivin.<\/p>\n\n\n\n<p>Ajansa Kar a Leipzig heye <a href=\"https:\/\/www.arbeitsagentur.de\/vor-ort\/leipzig\/biz-leipzig\" target=\"_blank\" rel=\"noreferrer noopener\">Navenda Agahdariya Kariyer\u00ea<\/a> (BIS).<br>H\u00fbn dikarin bi ten\u00ea bisekinin \u00fb di derbar\u00ea n\u00ea\u00e7\u00eera kar de agahdar\u00ee bist\u00eenin.<br>Di heman dem\u00ea de komputer\u00ean bi \u00eenternet\u00ea j\u00ee hene ku h\u00fbn dikarin serl\u00eadan bikin an li karan bigerin.<\/p>\n\n\n\n<p>H\u00fbn dikarin <a href=\"https:\/\/www.facebook.com\/WirsindPatenLeipzig\/?locale=de_DE\" target=\"_blank\" rel=\"noreferrer noopener\">Em sponsor in<\/a> ger ji bo CV an serl\u00eadana xwe hewcey\u00ea al\u00eekariy\u00ea be.<br>Ev al\u00eekar\u00ee roja \u00ceniy\u00ea ji saet 3-5 \u00eavar\u00ea heye. li Zschochersche Str. 50.<br>Xelk\u00ea wir bi ziman\u00ean cuda diaxivin.<\/p>\n\n\n\n<p>Ew <a href=\"https:\/\/www.leipziger-erwerbslosenzentrum.de\/Home\" target=\"_blank\" rel=\"noopener\">Navenda B\u00eakariy\u00ea Leipzig<\/a> (LEZ) di heman dem\u00ea de ji bo l\u00eager\u00een\u00ean kar \u00fb ser\u00eel\u00eadan\u00ean al\u00eekariy\u00ea bela\u015f p\u00ea\u015fk\u00ea\u015f\u00ee dike. Div\u00ea h\u00fbn p\u00ea\u015f\u00ee bi e-name an t\u00ealefon\u00ea xwe qeyd bikin \u00fb di amadekirina her\u00ee ba\u015f de v\u00ea pirsnamey\u00ea dagirin. <\/p>\n\n\n\n<div data-wp-interactive=\"core\/file\" class=\"wp-block-file\"><object data-wp-bind--hidden=\"!state.hasPdfPreview\" hidden class=\"wp-block-file__embed\" data=\"https:\/\/info-to-go.binational-leipzig.de\/wp-content\/uploads\/2025\/04\/Fragebogen-Formular-fuer-die-Erstellung-von-Bewerbungsunterlagen-1.pdf\" type=\"application\/pdf\" style=\"width:100%;height:600px\" aria-label=\"\u062e\u0633\u062a\u0646\u06d5\u0646\u0627\u0648\u06cc Fragebogen - Formular f\u00fcr die Erstellung von Bewerbungsunterlagen-1.\"><\/object><a id=\"wp-block-file--media-6cb7fce2-57dd-4588-bd06-8366eb265072\" href=\"https:\/\/info-to-go.binational-leipzig.de\/wp-content\/uploads\/2025\/04\/Fragebogen-Formular-fuer-die-Erstellung-von-Bewerbungsunterlagen-1.pdf\">Pirsname \u2013 Forma amadekirina belgey\u00ean ser\u00eel\u00eadan\u00ea-1<\/a><a href=\"https:\/\/info-to-go.binational-leipzig.de\/wp-content\/uploads\/2025\/04\/Fragebogen-Formular-fuer-die-Erstellung-von-Bewerbungsunterlagen-1.pdf\" class=\"wp-block-file__button wp-element-button\" aria-describedby=\"wp-block-file--media-6cb7fce2-57dd-4588-bd06-8366eb265072\" download>Download<\/a><\/div>\n<\/div><\/div>\n\n\n\n<div class=\"wp-block-esab-accordion-child\"><div class=\"esab__head\" role=\"button\" aria-expanded=\"false\"><div class=\"esab__heading_txt\"><h2 class=\"esab__heading_tag\">mini-kar \u00e7i ye?<\/h2><\/div><div class=\"esab__icon\"><div class=\"esab__collapse\"> <svg version=\"1.2\" viewbox=\"0 0 24 24\" width=\"24\" height=\"24\"><path fill-rule=\"evenodd\" d=\"m3.5 20.5c-4.7-4.7-4.7-12.3 0-17 4.7-4.7 12.3-4.7 17 0 4.6 4.7 4.6 12.3 0 17-4.7 4.6-12.3 4.6-17 0zm0.9-0.9c4.2 4.2 11 4.2 15.2 0 4.2-4.2 4.2-11 0-15.2-4.2-4.3-11-4.3-15.2 0-4.3 4.2-4.3 11 0 15.2z\"><\/path><path d=\"m11.4 15.9v-3.3h-3.3c-0.3 0-0.6-0.3-0.6-0.6 0-0.4 0.3-0.6 0.6-0.6h3.3v-3.3c0-0.3 0.3-0.6 0.6-0.6 0.3 0 0.6 0.3 0.6 0.6v3.3h3.3c0.3 0 0.6 0.2 0.6 0.6q0 0.2-0.2 0.4-0.2 0.2-0.4 0.2h-3.3v3.3q0 0.2-0.2 0.4-0.2 0.2-0.4 0.2c-0.4 0-0.6-0.3-0.6-0.6z\"><\/path><\/svg> <\/div><div class=\"esab__expand\"> <svg version=\"1.2\" viewbox=\"0 0 24 24\" width=\"24\" height=\"24\"><path fill-rule=\"evenodd\" d=\"m12 24c-6.6 0-12-5.4-12-12 0-6.6 5.4-12 12-12 6.6 0 12 5.4 12 12 0 6.6-5.4 12-12 12zm10.6-12c0-5.9-4.7-10.6-10.6-10.6-5.9 0-10.6 4.7-10.6 10.6 0 5.9 4.7 10.6 10.6 10.6 5.9 0 10.6-4.7 10.6-10.6z\"><\/path><path d=\"m5.6 11.3h12.8v1.4h-12.8z\"><\/path><\/svg> <\/div><\/div><\/div><div class=\"esab__body\">\n<p>Kar\u00ea pi\u00e7\u00fbk karek\u00ee part-time ye. Bi karek\u00ee pi\u00e7\u00fbk h\u00fbn dikarin meh\u00ea her\u00ee z\u00eade 556 \u20ac qezenc bikin. Tewra bi karek\u00ee hindik re j\u00ee h\u00fbn xwediy\u00ea heman mafan in ku di karek\u00ee tam-dem de, wek m\u00eenak betlane, m\u00fb\u00e7eya hindiktir\u00een, parastina li dij\u00ee jikarav\u00eatin\u00ea. Ev maf in <a href=\"https:\/\/www.minijob-zentrale.de\/DE\/die-minijobs\/arbeitsrechte-im-minijob\/arbeitsrechte-im-minijob_node.html\" target=\"_blank\" rel=\"noopener\">vir<\/a> ba\u015f hatiye ravekirin (bi \u00cengil\u00eez\u00ee j\u00ee).<\/p>\n\n\n\n<p>Hemwelatiy\u00ean Yek\u00eetiya Ewrop\u00ee y\u00ean ku xwed\u00ee karek\u00ee pi\u00e7\u00fbk in, li Almanyay\u00ea wek karmend t\u00eane hesibandin \u00fb ji ber v\u00ea yek\u00ea maf\u00ea wan alikariy\u00ean civak\u00ee y\u00ean wek\u00ee yarmetiya hemwelatiy\u00ea \u00fb perey\u00ean zarokan in. L\u00eabel\u00ea, bi karek\u00ee pi\u00e7\u00fbk h\u00fbn bi xebata xwe ji b\u00eemeya tenduristiy\u00ea nay\u00ean girtin. Carinan mirov demek dir\u00eaj karek\u00ee pi\u00e7\u00fbk dixebitin \u00fb ten\u00ea pa\u015f\u00ea li parg\u00eedaniyek b\u00eemeya tenduristiy\u00ea qeyd dikin. Gelek caran ne\u00e7ar in ku ji bo meh\u00ean bor\u00ee li Elmanyay\u00ea gelek pere bidin. Ger we karek\u00ee pi\u00e7\u00fbk hebe, maq\u00fbl e ku h\u00fbn serl\u00eadana yarmetiya hemwelatiy\u00ea li navenda kar bikin. Navenda kar mesref\u00ean b\u00eemeya tenduristiy\u00ea dide.<\/p>\n<\/div><\/div>\n\n\n\n<div class=\"wp-block-esab-accordion-child\"><div class=\"esab__head\" role=\"button\" aria-expanded=\"false\"><div class=\"esab__heading_txt\"><h2 class=\"esab__heading_tag\">K\u00ee dikare ji min re bibe al\u00eekar ku karek\u00ee bib\u00eenim?<\/h2><\/div><div class=\"esab__icon\"><div class=\"esab__collapse\"> <svg version=\"1.2\" viewbox=\"0 0 24 24\" width=\"24\" height=\"24\"><path fill-rule=\"evenodd\" d=\"m3.5 20.5c-4.7-4.7-4.7-12.3 0-17 4.7-4.7 12.3-4.7 17 0 4.6 4.7 4.6 12.3 0 17-4.7 4.6-12.3 4.6-17 0zm0.9-0.9c4.2 4.2 11 4.2 15.2 0 4.2-4.2 4.2-11 0-15.2-4.2-4.3-11-4.3-15.2 0-4.3 4.2-4.3 11 0 15.2z\"><\/path><path d=\"m11.4 15.9v-3.3h-3.3c-0.3 0-0.6-0.3-0.6-0.6 0-0.4 0.3-0.6 0.6-0.6h3.3v-3.3c0-0.3 0.3-0.6 0.6-0.6 0.3 0 0.6 0.3 0.6 0.6v3.3h3.3c0.3 0 0.6 0.2 0.6 0.6q0 0.2-0.2 0.4-0.2 0.2-0.4 0.2h-3.3v3.3q0 0.2-0.2 0.4-0.2 0.2-0.4 0.2c-0.4 0-0.6-0.3-0.6-0.6z\"><\/path><\/svg> <\/div><div class=\"esab__expand\"> <svg version=\"1.2\" viewbox=\"0 0 24 24\" width=\"24\" height=\"24\"><path fill-rule=\"evenodd\" d=\"m12 24c-6.6 0-12-5.4-12-12 0-6.6 5.4-12 12-12 6.6 0 12 5.4 12 12 0 6.6-5.4 12-12 12zm10.6-12c0-5.9-4.7-10.6-10.6-10.6-5.9 0-10.6 4.7-10.6 10.6 0 5.9 4.7 10.6 10.6 10.6 5.9 0 10.6-4.7 10.6-10.6z\"><\/path><path d=\"m5.6 11.3h12.8v1.4h-12.8z\"><\/path><\/svg> <\/div><\/div><\/div><div class=\"esab__body\">\n<p>Ew <a href=\"https:\/\/www.arbeitsagentur.de\/vor-ort\/leipzig\" target=\"_blank\" rel=\"noopener\">Ajansa Kar\u00ea Federal<\/a> ji bo peydakirina kar al\u00eekariya kes\u00ean b\u00eakar li Almanyay\u00ea dike.<br>Hemwelatiy\u00ean Yek\u00eetiya Ewrop\u00ee dikarin wek\u00ee karger li Ajansa Kar a Leipzig qeyd bikin.<br>Heger te h\u00een li Almanyay\u00ea nexebit\u00ee tu tezm\u00eenata b\u00eakariy\u00ea wernagir\u00ee.<br>L\u00ea karmend d\u00ea ji we re bibin al\u00eekar ku h\u00fbn karek\u00ee bib\u00eenin.<br>Heger tu z\u00eade bi Alman\u00ee nizanib\u00ee, w\u00ea dezgeha kar\u00ee ji bo te wergerek\u00ea saz bike.<\/p>\n\n\n\n<p>Li Leipzig\u00ea projey\u00ean ku ji bo peydakirina kar al\u00eekariya ko\u00e7beran dikin hene.<\/p>\n\n\n\n<p>Ji bo jin\u00ean bi ziman\u00ea Alman\u00ee yan j\u00ee b\u00ea zan\u00een, proje heye <a href=\"https:\/\/daa-sat.de\/ave\" target=\"_blank\" rel=\"noreferrer noopener\">AVE<\/a>. Zilam\u00ean di navbera 18 \u00fb 35 sal\u00ee de bi alman\u00ee yan j\u00ee b\u00ea zan\u00een dikarin be\u015fdar\u00ee projey\u00ea bibin <a href=\"https:\/\/daa-mitte-ost.de\/bildungsangebote\/projekte\/kommpaktle\" target=\"_blank\" rel=\"noopener\">kommPAkT.LE<\/a> ajotin.<\/p>\n\n\n\n<p>Ger h\u00fbn ber\u00ea hin alman\u00ee dizanin \u00fb li karek an perwerdehiyek j\u00eahat\u00ee digerin, w\u00ea hing\u00ea proje <a href=\"https:\/\/www.arbeitundleben.eu\/projekte\/detail\/arbeitsmarktmentoren-leipzig-481\/\" target=\"_blank\" rel=\"noreferrer noopener\">\u015f\u00eawirmend\u00ean bazara kar<\/a> Tu bi w\u00ea re.<\/p>\n\n\n\n<p><a href=\"https:\/\/www.fia-leipzig.de\/\" target=\"_blank\" rel=\"noopener\">Jin li ser kar <\/a>(FiA) \u00fb <a href=\"https:\/\/www.arbeitundleben.eu\/projekte\/detail\/base-leipzig-1175\/\" target=\"_blank\" rel=\"noopener\">BASE Leipzig<\/a> du projey\u00ean din in ku di mijar\u00ean wek\u00ee gih\u00ee\u015ftina bazara kar, l\u00eager\u00eena kar, staj \u00fb hwd de pi\u015ftgir\u00ee didin jinan.<\/p>\n<\/div><\/div>\n\n\n\n<div class=\"wp-block-esab-accordion-child\"><div class=\"esab__head\" role=\"button\" aria-expanded=\"false\"><div class=\"esab__heading_txt\"><h2 class=\"esab__heading_tag\">Ma div\u00ea ez bi Alman\u00ee biaxivim?<\/h2><\/div><div class=\"esab__icon\"><div class=\"esab__collapse\"> <svg version=\"1.2\" viewbox=\"0 0 24 24\" width=\"24\" height=\"24\"><path fill-rule=\"evenodd\" d=\"m3.5 20.5c-4.7-4.7-4.7-12.3 0-17 4.7-4.7 12.3-4.7 17 0 4.6 4.7 4.6 12.3 0 17-4.7 4.6-12.3 4.6-17 0zm0.9-0.9c4.2 4.2 11 4.2 15.2 0 4.2-4.2 4.2-11 0-15.2-4.2-4.3-11-4.3-15.2 0-4.3 4.2-4.3 11 0 15.2z\"><\/path><path d=\"m11.4 15.9v-3.3h-3.3c-0.3 0-0.6-0.3-0.6-0.6 0-0.4 0.3-0.6 0.6-0.6h3.3v-3.3c0-0.3 0.3-0.6 0.6-0.6 0.3 0 0.6 0.3 0.6 0.6v3.3h3.3c0.3 0 0.6 0.2 0.6 0.6q0 0.2-0.2 0.4-0.2 0.2-0.4 0.2h-3.3v3.3q0 0.2-0.2 0.4-0.2 0.2-0.4 0.2c-0.4 0-0.6-0.3-0.6-0.6z\"><\/path><\/svg> <\/div><div class=\"esab__expand\"> <svg version=\"1.2\" viewbox=\"0 0 24 24\" width=\"24\" height=\"24\"><path fill-rule=\"evenodd\" d=\"m12 24c-6.6 0-12-5.4-12-12 0-6.6 5.4-12 12-12 6.6 0 12 5.4 12 12 0 6.6-5.4 12-12 12zm10.6-12c0-5.9-4.7-10.6-10.6-10.6-5.9 0-10.6 4.7-10.6 10.6 0 5.9 4.7 10.6 10.6 10.6 5.9 0 10.6-4.7 10.6-10.6z\"><\/path><path d=\"m5.6 11.3h12.8v1.4h-12.8z\"><\/path><\/svg> <\/div><\/div><\/div><div class=\"esab__body\">\n<p>Qan\u00fbnek ku dib\u00eaje we ji bo xebat\u00ea A2 an B1 hewce dike, tune.<br>Her parg\u00eedanek dikare bixwe biryar\u00ea bide ka xebatkar\u00ean w\u00ea \u00e7iqas Alman\u00ee hewce ne.<\/p>\n\n\n\n<p>Li vir nim\u00fbneya niv\u00ees\u00ea heye.<\/p>\n\n\n\n<p>L\u00ea eger tu bi Alman\u00ee biaxiv\u00ee peydakirina kar h\u00easantir e.<br>Hin kar hene ku h\u00fbn ne hewce ne ku h\u00fbn bi alman\u00ee biaxivin. M\u00eenak\u00ee, heke h\u00fbn ji bo parg\u00eedaniyek navnetewey\u00ee bi Englishngil\u00eez\u00ee dixebitin.<br><a href=\"https:\/\/leipglo.com\/jobs-international-people\/\" target=\"_blank\" rel=\"noreferrer noopener\">Vir<\/a> Kar\u00ean weha y\u00ean navnetewey\u00ee li Leipzig t\u00eane navn\u00ee\u015f kirin.<\/p>\n\n\n\n<p>Hin kar hene ku h\u00fbn dikarin bi Almaniya pi\u00e7\u00fbk re bixebitin.<br>M\u00eenak li ot\u00eal, xwaringeh, bar, \u00een\u015faet, loj\u00eest\u00eek.<br>D\u00eesa j\u00ee gir\u00eeng e ku h\u00fbn peymana kar \u00fb r\u00eaziknamey\u00ea fam bikin.<\/p>\n<\/div><\/div>\n\n\n\n<div class=\"wp-block-esab-accordion-child\"><div class=\"esab__head\" role=\"button\" aria-expanded=\"false\"><div class=\"esab__heading_txt\"><h2 class=\"esab__heading_tag\">Pirsek min li ser qan\u00fbna kar heye<\/h2><\/div><div class=\"esab__icon\"><div class=\"esab__collapse\"> <svg version=\"1.2\" viewbox=\"0 0 24 24\" width=\"24\" height=\"24\"><path fill-rule=\"evenodd\" d=\"m3.5 20.5c-4.7-4.7-4.7-12.3 0-17 4.7-4.7 12.3-4.7 17 0 4.6 4.7 4.6 12.3 0 17-4.7 4.6-12.3 4.6-17 0zm0.9-0.9c4.2 4.2 11 4.2 15.2 0 4.2-4.2 4.2-11 0-15.2-4.2-4.3-11-4.3-15.2 0-4.3 4.2-4.3 11 0 15.2z\"><\/path><path d=\"m11.4 15.9v-3.3h-3.3c-0.3 0-0.6-0.3-0.6-0.6 0-0.4 0.3-0.6 0.6-0.6h3.3v-3.3c0-0.3 0.3-0.6 0.6-0.6 0.3 0 0.6 0.3 0.6 0.6v3.3h3.3c0.3 0 0.6 0.2 0.6 0.6q0 0.2-0.2 0.4-0.2 0.2-0.4 0.2h-3.3v3.3q0 0.2-0.2 0.4-0.2 0.2-0.4 0.2c-0.4 0-0.6-0.3-0.6-0.6z\"><\/path><\/svg> <\/div><div class=\"esab__expand\"> <svg version=\"1.2\" viewbox=\"0 0 24 24\" width=\"24\" height=\"24\"><path fill-rule=\"evenodd\" d=\"m12 24c-6.6 0-12-5.4-12-12 0-6.6 5.4-12 12-12 6.6 0 12 5.4 12 12 0 6.6-5.4 12-12 12zm10.6-12c0-5.9-4.7-10.6-10.6-10.6-5.9 0-10.6 4.7-10.6 10.6 0 5.9 4.7 10.6 10.6 10.6 5.9 0 10.6-4.7 10.6-10.6z\"><\/path><path d=\"m5.6 11.3h12.8v1.4h-12.8z\"><\/path><\/svg> <\/div><\/div><\/div><div class=\"esab__body\">\n<p>Heke h\u00fbn nebawer in ka her ti\u015ft di xebata we de rast e, h\u00fbn dikarin al\u00eekariy\u00ea bist\u00eenin.<br>Dibe ku pirs\u00ean we hebin:<\/p>\n\n\n\n<ul class=\"wp-block-list\">\n<li>\u00c7iqas betlaneya min heye?<\/li>\n\n\n\n<li>\u00c7ima ez ji ya ku peymana kar a min diyar dike z\u00eadetir demjim\u00earan dixebitim?<\/li>\n\n\n\n<li>Min agahiya betalkirin\u00ea wergirt. Rawestandin rast e?<\/li>\n<\/ul>\n\n\n\n<p>Ev pirs\u00ean li ser qan\u00fbna kar in. Li ser v\u00ea <a href=\"https:\/\/www.faire-mobilitaet.de\/ihre-rechte\/\" target=\"_blank\" rel=\"noopener\">malpera <\/a>Li ser zagona kar bi ziman\u00ean cih\u00ea gelek agahdar\u00ee hene, di heman dem\u00ea de ji bo hin karan j\u00ee taybet in, wek radestkirin, cih\u00ean avah\u00eesaziy\u00ea \u00fb gastronom\u00ee (restorant, bar). <a href=\"https:\/\/www.babs.sachsen.de\/index.html\" data-type=\"link\" data-id=\"https:\/\/www.faire-integration.de\/de\/topic\/411.ich-bin-bereits-in-deutschland.html\" target=\"_blank\" rel=\"noreferrer noopener\">Ev r\u00fbpel<\/a> di heman dem\u00ea de gelek agahdariya pirziman\u00ee j\u00ee heye.<\/p>\n\n\n\n<p>Ger ji we re \u015f\u00eawirdar\u00ee li ser qan\u00fbna kar lazim be, h\u00fbn dikarin bi BABS re t\u00eakil\u00ee daynin.<br>BABS navenda \u015f\u00eawirmendiy\u00ea ye ji bo xebatkar\u00ean biyan\u00ee di mijaran de \u00fb niv\u00eesgehek wan li Leipzig heye.<br>\u015e\u00eawirdar\u00ee b\u00eapere ye \u00fb bi Alman\u00ee, Polon\u00ee, Macar\u00ee, Roman\u00ee \u00fb \u00cengil\u00eez\u00ee heye.<br><a href=\"https:\/\/www.babs.sachsen.de\/kontakt-3995.html\" target=\"_blank\" rel=\"noreferrer noopener\">Vir<\/a> h\u00fbrguliy\u00ean t\u00eakiliy\u00ea \u00fb demjim\u00ear\u00ean vekirin\u00ea ne.<\/p>\n<\/div><\/div>\n<\/div><\/div>\n<div class=\"gsp_post_data\" \r\n\t            data-post_type=\"page\" \r\n\t            data-cat=\"wirtschaft\" \r\n\t            data-modified=\"120\"\r\n\t            data-created=\"1688943986\"\r\n\t            data-title=\"Arbeit\" \r\n\t            data-home=\"https:\/\/info-to-go.binational-leipzig.de\/ku\"><\/div>","protected":false},"excerpt":{"rendered":"","protected":false},"author":3,"featured_media":0,"parent":8,"menu_order":1,"comment_status":"closed","ping_status":"closed","template":"","meta":{"footnotes":""},"categories":[10],"tags":[],"class_list":["post-31","page","type-page","status-publish","hentry","category-wirtschaft"],"_links":{"self":[{"href":"https:\/\/info-to-go.binational-leipzig.de\/ku\/wp-json\/wp\/v2\/pages\/31","targetHints":{"allow":["GET"]}}],"collection":[{"href":"https:\/\/info-to-go.binational-leipzig.de\/ku\/wp-json\/wp\/v2\/pages"}],"about":[{"href":"https:\/\/info-to-go.binational-leipzig.de\/ku\/wp-json\/wp\/v2\/types\/page"}],"author":[{"embeddable":true,"href":"https:\/\/info-to-go.binational-leipzig.de\/ku\/wp-json\/wp\/v2\/users\/3"}],"replies":[{"embeddable":true,"href":"https:\/\/info-to-go.binational-leipzig.de\/ku\/wp-json\/wp\/v2\/comments?post=31"}],"version-history":[{"count":25,"href":"https:\/\/info-to-go.binational-leipzig.de\/ku\/wp-json\/wp\/v2\/pages\/31\/revisions"}],"predecessor-version":[{"id":612,"href":"https:\/\/info-to-go.binational-leipzig.de\/ku\/wp-json\/wp\/v2\/pages\/31\/revisions\/612"}],"up":[{"embeddable":true,"href":"https:\/\/info-to-go.binational-leipzig.de\/ku\/wp-json\/wp\/v2\/pages\/8"}],"wp:attachment":[{"href":"https:\/\/info-to-go.binational-leipzig.de\/ku\/wp-json\/wp\/v2\/media?parent=31"}],"wp:term":[{"taxonomy":"category","embeddable":true,"href":"https:\/\/info-to-go.binational-leipzig.de\/ku\/wp-json\/wp\/v2\/categories?post=31"},{"taxonomy":"post_tag","embeddable":true,"href":"https:\/\/info-to-go.binational-leipzig.de\/ku\/wp-json\/wp\/v2\/tags?post=31"}],"curies":[{"name":"wp","href":"https:\/\/api.w.org\/{rel}","templated":true}]}}