{"id":399,"date":"2024-01-17T12:08:03","date_gmt":"2024-01-17T11:08:03","guid":{"rendered":"https:\/\/info-to-go.binational-leipzig.de\/?page_id=399"},"modified":"2024-07-31T12:56:05","modified_gmt":"2024-07-31T10:56:05","slug":"impressum","status":"publish","type":"page","link":"https:\/\/info-to-go.binational-leipzig.de\/tr\/impressum\/","title":{"rendered":"bask\u0131"},"content":{"rendered":"<p><strong>\u00a7 5 TMG uyar\u0131nca bilgi<\/strong><\/p>\n\n\n\n<p>\u0130kili Aileler ve Ortakl\u0131klar Derne\u011fi, iaf eV<br>Ludolfus Caddesi 2 \u2013 4<br>60487 Frankfurt am Main<\/p>\n\n\n\n<p><strong>Taraf\u0131ndan temsil edildi<\/strong><\/p>\n\n\n\n<p>Asiye Bal\u0131k\u00e7\u0131-Schmidt, Natalia Bugaj-Wolfram<\/p>\n\n\n\n<p>\u00a7 30 BGB&#039;ye g\u00f6re \u00f6zel temsilci: NN<\/p>\n\n\n\n<p>Mahkeme sicil kayd\u0131:<\/p>\n\n\n\n<p>Frankfurt am Main B\u00f6lge Mahkemesi Dernek kay\u0131t numaras\u0131: VR 6728<\/p>\n\n\n\n<p>Vergi Dairesi Frankfurt V Vergi numaras\u0131 014 250 63357<\/p>\n\n\n\n<p><strong>temas etmek<\/strong><\/p>\n\n\n\n<p>Telefon: +49 (0) 69 713 756 \u2013 0<br>Faks: +49 (0) 69 707 50 92<br>E-posta: info@verband-binationaler.de<\/p>\n\n\n\n<p><strong>Kay\u0131t giri\u015fi<\/strong><\/p>\n\n\n\n<p>Dernekler siciline kay\u0131t.<br>Sicil mahkemesi: Frankfurt am Main B\u00f6lge Mahkemesi<br>Kay\u0131t numaras\u0131: VR 6728<\/p>\n\n\n\n<p><strong>KDV<\/strong><\/p>\n\n\n\n<p>KDV Kanunu\u2019nun 27a maddesine g\u00f6re KDV kimlik numaras\u0131:<br>DE114234727<\/p>\n\n\n\n<p><strong>Uyu\u015fmazl\u0131k \u00e7\u00f6z\u00fcm\u00fc<\/strong><\/p>\n\n\n\n<p>T\u00fcketici hakem heyeti nezdinde uyu\u015fmazl\u0131k \u00e7\u00f6z\u00fcm s\u00fcre\u00e7lerine kat\u0131lmaya istekli veya mecbur de\u011filiz.<\/p>\n\n\n\n<p><strong>Kaynaklar<\/strong><\/p>\n\n\n\n<p>Teknik uygulama: Stephan Wein ve Ahmet Erdem \u015eent\u00fcrk<br>Web tasar\u0131m\u0131: Chris Schneider<\/p>\n\n\n\n<p><strong>Foto\u011fraflar<\/strong><\/p>\n\n\n\n<p>\u201cBiz Kimiz\u201d: Mehmet Arba\u011f<\/p>\n\n\n\n<p><strong>Yasal Uyar\u0131<\/strong><\/p>\n\n\n\n<p>\u0130\u00e7erik sorumlulu\u011fu<\/p>\n\n\n\n<p>Bir hizmet sa\u011flay\u0131c\u0131 olarak, Alman Telemedya Yasas\u0131&#039;n\u0131n (TMG) 7 (1) B\u00f6l\u00fcm\u00fc uyar\u0131nca bu sayfalardaki kendi i\u00e7eri\u011fimizden sorumluyuz. Ancak Alman Telemedya Yasas\u0131&#039;n\u0131n (TMG) 8 ila 10. maddelerine g\u00f6re, biz hizmet sa\u011flay\u0131c\u0131lar olarak iletilen veya saklanan \u00fc\u00e7\u00fcnc\u00fc taraf bilgilerini izlemek veya yasa d\u0131\u015f\u0131 faaliyete i\u015faret eden durumlar\u0131 ara\u015ft\u0131rmakla y\u00fck\u00fcml\u00fc de\u011filiz.<\/p>\n\n\n\n<p>Genel hukuk kapsam\u0131ndaki bilgilerin kald\u0131r\u0131lmas\u0131 veya kullan\u0131m\u0131n\u0131n engellenmesi y\u00fck\u00fcml\u00fcl\u00fckleri etkilenmez. Ancak bu husustaki sorumluluk, ancak belirli bir hukuka ayk\u0131r\u0131l\u0131\u011f\u0131n \u00f6\u011frenildi\u011fi andan itibaren m\u00fcmk\u00fcnd\u00fcr. Bu t\u00fcr yasa ihlallerinden haberdar olmam\u0131z halinde, s\u00f6z konusu i\u00e7erikleri derhal kald\u0131raca\u011f\u0131z.<\/p>\n\n\n\n<p><strong>Ba\u011flant\u0131lar\u0131n sorumlulu\u011fu<\/strong><\/p>\n\n\n\n<p>Teklifimiz, i\u00e7eri\u011fi \u00fczerinde hi\u00e7bir etkimizin olmad\u0131\u011f\u0131 harici \u00fc\u00e7\u00fcnc\u00fc taraf web sitelerine ba\u011flant\u0131lar i\u00e7ermektedir. Bu nedenle bu harici i\u00e7erik i\u00e7in herhangi bir sorumluluk kabul edemeyiz. Ba\u011flant\u0131l\u0131 sayfalar\u0131n i\u00e7eri\u011finden her zaman ilgili sayfalar\u0131n sa\u011flay\u0131c\u0131s\u0131 veya operat\u00f6r\u00fc sorumludur. Ba\u011flant\u0131 verilen sayfalar, ba\u011flant\u0131n\u0131n verildi\u011fi tarihte olas\u0131 hukuka ayk\u0131r\u0131l\u0131klar a\u00e7\u0131s\u0131ndan kontrol edilmi\u015ftir. Ba\u011flant\u0131 kuruldu\u011fu s\u0131rada yasa d\u0131\u015f\u0131 i\u00e7erik tespit edilememi\u015ftir.<\/p>\n\n\n\n<p>Ancak ba\u011flant\u0131l\u0131 sayfalar\u0131n i\u00e7eriklerinin s\u00fcrekli olarak izlenmesi, hukuka ayk\u0131r\u0131l\u0131\u011f\u0131n somut bir kan\u0131t\u0131 olmaks\u0131z\u0131n makul de\u011fildir. Herhangi bir yasal ihlalden haberdar olmam\u0131z halinde, s\u00f6z konusu ba\u011flant\u0131lar\u0131 derhal kald\u0131raca\u011f\u0131z.<\/p>\n\n\n\n<p><strong>telif hakk\u0131<\/strong><\/p>\n\n\n\n<p>Bu sayfalardaki i\u00e7erikler ve site operat\u00f6rleri taraf\u0131ndan olu\u015fturulan eserler Alman telif haklar\u0131 yasas\u0131na tabidir. Telif hakk\u0131 kanunu s\u0131n\u0131rlar\u0131 d\u0131\u015f\u0131nda \u00e7o\u011falt\u0131lmas\u0131, i\u015flenmesi, da\u011f\u0131t\u0131lmas\u0131 ve her t\u00fcrl\u00fc de\u011ferlendirilmesi ilgili yazar\u0131n veya yarat\u0131c\u0131n\u0131n yaz\u0131l\u0131 iznini gerektirir. Bu sitenin indirilmesine ve kopyalanmas\u0131na yaln\u0131zca ki\u015fisel, ticari olmayan kullan\u0131m i\u00e7in izin verilmektedir.<\/p>\n\n\n\n<p>Bu sitenin i\u00e7eri\u011fi i\u015fletmeci taraf\u0131ndan olu\u015fturulmad\u0131\u011f\u0131 s\u00fcrece, \u00fc\u00e7\u00fcnc\u00fc ki\u015filerin telif haklar\u0131na sayg\u0131 duyulur. \u00d6zellikle \u00fc\u00e7\u00fcnc\u00fc taraf i\u00e7erikler bu \u015fekilde i\u015faretlenmektedir. Yine de bir telif hakk\u0131 ihlali oldu\u011funu fark ederseniz l\u00fctfen bizi bu konuda bilgilendirmenizi rica ederiz. Herhangi bir yasal ihlalden haberdar olmam\u0131z halinde, s\u00f6z konusu i\u00e7erikleri derhal kald\u0131raca\u011f\u0131z.<\/p>\n<div class=\"gsp_post_data\" \r\n\t            data-post_type=\"page\" \r\n\t            data-cat=\"\" \r\n\t            data-modified=\"120\"\r\n\t            data-created=\"1705493283\"\r\n\t            data-title=\"Impressum\" \r\n\t            data-home=\"https:\/\/info-to-go.binational-leipzig.de\/tr\"><\/div>","protected":false},"excerpt":{"rendered":"<p>Angaben gem\u00e4\u00df \u00a7 5 TMG Verband binationaler Familien und Partnerschaften, iaf e.V.Ludolfusstra\u00dfe 2 \u2013 460487 Frankfurt am Main Vertreten durch Asiye Bal\u0131k\u00e7\u0131-Schmidt, Natalia Bugaj-Wolfram Besondere Vertreterin gem. \u00a7 30 BGB: N.N. Registergericht: Amtsgericht Frankfurt am Main&nbsp; Vereins-Registernummer: VR 6728 Finanzamt Frankfurt V \u00a0 Steuernummer 014 250 63357 Kontakt Telefon: +49 (0) 69 713 756 \u2013 [&hellip;]<\/p>\n","protected":false},"author":2,"featured_media":0,"parent":0,"menu_order":0,"comment_status":"closed","ping_status":"closed","template":"","meta":{"footnotes":""},"categories":[],"tags":[],"class_list":["post-399","page","type-page","status-publish","hentry"],"_links":{"self":[{"href":"https:\/\/info-to-go.binational-leipzig.de\/tr\/wp-json\/wp\/v2\/pages\/399","targetHints":{"allow":["GET"]}}],"collection":[{"href":"https:\/\/info-to-go.binational-leipzig.de\/tr\/wp-json\/wp\/v2\/pages"}],"about":[{"href":"https:\/\/info-to-go.binational-leipzig.de\/tr\/wp-json\/wp\/v2\/types\/page"}],"author":[{"embeddable":true,"href":"https:\/\/info-to-go.binational-leipzig.de\/tr\/wp-json\/wp\/v2\/users\/2"}],"replies":[{"embeddable":true,"href":"https:\/\/info-to-go.binational-leipzig.de\/tr\/wp-json\/wp\/v2\/comments?post=399"}],"version-history":[{"count":3,"href":"https:\/\/info-to-go.binational-leipzig.de\/tr\/wp-json\/wp\/v2\/pages\/399\/revisions"}],"predecessor-version":[{"id":481,"href":"https:\/\/info-to-go.binational-leipzig.de\/tr\/wp-json\/wp\/v2\/pages\/399\/revisions\/481"}],"wp:attachment":[{"href":"https:\/\/info-to-go.binational-leipzig.de\/tr\/wp-json\/wp\/v2\/media?parent=399"}],"wp:term":[{"taxonomy":"category","embeddable":true,"href":"https:\/\/info-to-go.binational-leipzig.de\/tr\/wp-json\/wp\/v2\/categories?post=399"},{"taxonomy":"post_tag","embeddable":true,"href":"https:\/\/info-to-go.binational-leipzig.de\/tr\/wp-json\/wp\/v2\/tags?post=399"}],"curies":[{"name":"wp","href":"https:\/\/api.w.org\/{rel}","templated":true}]}}